{"id":1584,"date":"2021-06-05T11:52:40","date_gmt":"2021-06-05T09:52:40","guid":{"rendered":"http:\/\/tozabljak.hola.rs\/?page_id=1584"},"modified":"2023-12-15T11:51:20","modified_gmt":"2023-12-15T09:51:20","slug":"smotra-umetnosti-mermer-i-zvuci","status":"publish","type":"page","link":"https:\/\/tozabljak.hola.rs\/?page_id=1584","title":{"rendered":"O \u017dabljaku i Durmitoru uvod"},"content":{"rendered":"\n<div class=\"wp-block-columns header-columns is-layout-flex wp-container-core-columns-is-layout-8f761849 wp-block-columns-is-layout-flex\">\n<div class=\"wp-block-column is-layout-flow wp-block-column-is-layout-flow\" style=\"flex-basis:10%\">\n<figure class=\"wp-block-image size-full back-image\"><img loading=\"lazy\" decoding=\"async\" width=\"57\" height=\"57\" src=\"http:\/\/tozabljak.hola.rs\/wp-content\/uploads\/2023\/05\/Back.png\" alt=\"\" class=\"wp-image-3616\"\/><\/figure>\n<\/div>\n\n\n\n<div class=\"wp-block-column is-layout-flow wp-block-column-is-layout-flow\" style=\"flex-basis:30%\"><\/div>\n\n\n\n<div class=\"wp-block-column last-header-column is-layout-flow wp-block-column-is-layout-flow\" style=\"flex-basis:60%\">\n\n<\/div>\n<\/div>\n\n\n\n<section class=\"wp-block-qi-blocks-columns qodef-gutenberg-section qodef--template qodef-block-7843ba62 qodef-col-num--1 qodef-col-layout--100 qodef-content--full-width\"><div class=\"qodef-section-background-overlay\"><\/div><div class=\"qodef-gutenberg-row\">\n<div class=\"wp-block-qi-blocks-column qodef-gutenberg-column qodef-block-71ea2b50\"><div class=\"qodef-gutenberg-column-inner\">\n<figure class=\"wp-block-image size-full is-style-default\"><img loading=\"lazy\" decoding=\"async\" width=\"1920\" height=\"700\" src=\"https:\/\/tozabljak.hola.rs\/wp-content\/uploads\/2023\/11\/22.jpeg\" alt=\"\" class=\"wp-image-6930\" srcset=\"https:\/\/tozabljak.hola.rs\/wp-content\/uploads\/2023\/11\/22.jpeg 1920w, https:\/\/tozabljak.hola.rs\/wp-content\/uploads\/2023\/11\/22-300x109.jpeg 300w, https:\/\/tozabljak.hola.rs\/wp-content\/uploads\/2023\/11\/22-1024x373.jpeg 1024w, https:\/\/tozabljak.hola.rs\/wp-content\/uploads\/2023\/11\/22-768x280.jpeg 768w, https:\/\/tozabljak.hola.rs\/wp-content\/uploads\/2023\/11\/22-1536x560.jpeg 1536w, https:\/\/tozabljak.hola.rs\/wp-content\/uploads\/2023\/11\/22-1568x572.jpeg 1568w\" sizes=\"auto, (max-width: 1920px) 100vw, 1920px\" \/><\/figure>\n<\/div><\/div>\n<\/div><\/section>\n\n\n\n<section class=\"wp-block-qi-blocks-columns qodef-gutenberg-section qodef--template qodef-block-1a168fe5 qodef-col-num--3 qodef-col-layout--16-66-16 qodef-content--full-width\"><div class=\"qodef-section-background-overlay\"><\/div><div class=\"qodef-gutenberg-row\">\n<div class=\"wp-block-qi-blocks-column qodef-gutenberg-column qodef-block-1c5333a9\"><div class=\"qodef-gutenberg-column-inner\"><\/div><\/div>\n\n\n\n<div class=\"wp-block-qi-blocks-column qodef-gutenberg-column qodef-block-c9df41c2\"><div class=\"qodef-gutenberg-column-inner\">\n<div class=\"wp-block-qi-blocks-spacer qodef-block-container qodef-block-9c710348\"><div class=\"qi-block-spacer qodef-block qodef-m\"><\/div><\/div>\n\n\n\n<p class=\"has-text-align-center has-black-color has-text-color has-large-font-size wp-block-paragraph\"> Iskusite \u010duda Durmitora i osjetite du\u0161u \u017dabljaka &#8211; mjesto gdje se priroda smije, a srce mirno kuca. Dobrodo\u0161li u oazu nezaboravnih trenutaka!<\/p>\n\n\n\n<div class=\"wp-block-qi-blocks-spacer qodef-block-container qodef-block-809ed2c4\"><div class=\"qi-block-spacer qodef-block qodef-m\"><\/div><\/div>\n<\/div><\/div>\n\n\n\n<div class=\"wp-block-qi-blocks-column qodef-gutenberg-column qodef-block-fc7745cc\"><div class=\"qodef-gutenberg-column-inner\"><\/div><\/div>\n<\/div><\/section>\n\n\n\n<section class=\"wp-block-qi-blocks-columns qodef-gutenberg-section qodef--template qodef-block-fde0219f qodef-col-num--3 qodef-col-layout--16-66-16 qodef-content--full-width\"><div class=\"qodef-section-background-overlay\"><\/div><div class=\"qodef-gutenberg-row\">\n<div class=\"wp-block-qi-blocks-column qodef-gutenberg-column qodef-block-2703992d\"><div class=\"qodef-gutenberg-column-inner\"><\/div><\/div>\n\n\n\n<div class=\"wp-block-qi-blocks-column qodef-gutenberg-column qodef-block-9f31d57e\"><div class=\"qodef-gutenberg-column-inner\">\n<p class=\"has-text-align-center has-black-color has-text-color has-extra-large-font-size wp-block-paragraph\" style=\"padding-top:var(--wp--preset--spacing--20);padding-right:var(--wp--preset--spacing--20);padding-bottom:var(--wp--preset--spacing--20);padding-left:var(--wp--preset--spacing--20)\"><\/p>\n<\/div><\/div>\n\n\n\n<div class=\"wp-block-qi-blocks-column qodef-gutenberg-column qodef-block-a07830cb\"><div class=\"qodef-gutenberg-column-inner\"><\/div><\/div>\n<\/div><\/section>\n\n\n\n<section class=\"wp-block-qi-blocks-columns qodef-gutenberg-section qodef--template qodef-block-44050d1b qodef-col-num--3 qodef-col-layout--16-66-16 qodef-content--full-width\"><div class=\"qodef-section-background-overlay\"><\/div><div class=\"qodef-gutenberg-row\">\n<div class=\"wp-block-qi-blocks-column qodef-gutenberg-column qodef-block-bb845e15\"><div class=\"qodef-gutenberg-column-inner\"><\/div><\/div>\n\n\n\n<div class=\"wp-block-qi-blocks-column qodef-gutenberg-column qodef-block-85673c24\"><div class=\"qodef-gutenberg-column-inner\">\n<p class=\"has-text-align-center has-black-color has-text-color has-large-font-size wp-block-paragraph\"><\/p>\n<\/div><\/div>\n\n\n\n<div class=\"wp-block-qi-blocks-column qodef-gutenberg-column qodef-block-b0f8fda2\"><div class=\"qodef-gutenberg-column-inner\"><\/div><\/div>\n<\/div><\/section>\n\n\n\n<section class=\"wp-block-qi-blocks-columns qodef-gutenberg-section qodef--template qodef-block-e288419b qodef-col-num--3 qodef-col-layout--16-66-16 qodef-content--full-width\"><div class=\"qodef-section-background-overlay\"><\/div><div class=\"qodef-gutenberg-row\">\n<div class=\"wp-block-qi-blocks-column qodef-gutenberg-column qodef-block-ecefbb76\"><div class=\"qodef-gutenberg-column-inner\"><\/div><\/div>\n\n\n\n<div class=\"wp-block-qi-blocks-column qodef-gutenberg-column qodef-block-fbe0f041\"><div class=\"qodef-gutenberg-column-inner\">\n<p class=\"has-text-align-center has-black-color has-text-color has-large-font-size wp-block-paragraph\"><\/p>\n<\/div><\/div>\n\n\n\n<div class=\"wp-block-qi-blocks-column qodef-gutenberg-column qodef-block-264f349e\"><div class=\"qodef-gutenberg-column-inner\"><\/div><\/div>\n<\/div><\/section>\n\n\n\n<section class=\"wp-block-qi-blocks-columns qodef-gutenberg-section qodef--template qodef-block-fd4288ee qodef-col-num--3 qodef-col-layout--33 qodef-content--boxed\"><div class=\"qodef-section-background-overlay\"><\/div><div class=\"qodef-gutenberg-row\">\n<div class=\"wp-block-qi-blocks-column qodef-gutenberg-column qodef-block-694ea9b0\"><div class=\"qodef-gutenberg-column-inner\">\n<figure class=\"wp-block-image size-full\"><img loading=\"lazy\" decoding=\"async\" width=\"600\" height=\"400\" src=\"http:\/\/tozabljak.hola.rs\/wp-content\/uploads\/2023\/11\/page-2-1.jpeg\" alt=\"\" class=\"wp-image-5708\" srcset=\"https:\/\/tozabljak.hola.rs\/wp-content\/uploads\/2023\/11\/page-2-1.jpeg 600w, https:\/\/tozabljak.hola.rs\/wp-content\/uploads\/2023\/11\/page-2-1-300x200.jpeg 300w\" sizes=\"auto, (max-width: 600px) 100vw, 600px\" \/><\/figure>\n<\/div><\/div>\n\n\n\n<div class=\"wp-block-qi-blocks-column qodef-gutenberg-column qodef-block-182df9cd\"><div class=\"qodef-gutenberg-column-inner\">\n<figure class=\"wp-block-image size-full\"><img loading=\"lazy\" decoding=\"async\" width=\"600\" height=\"400\" src=\"http:\/\/tozabljak.hola.rs\/wp-content\/uploads\/2023\/11\/page-3-1.jpeg\" alt=\"\" class=\"wp-image-5709\" srcset=\"https:\/\/tozabljak.hola.rs\/wp-content\/uploads\/2023\/11\/page-3-1.jpeg 600w, https:\/\/tozabljak.hola.rs\/wp-content\/uploads\/2023\/11\/page-3-1-300x200.jpeg 300w\" sizes=\"auto, (max-width: 600px) 100vw, 600px\" \/><\/figure>\n<\/div><\/div>\n\n\n\n<div class=\"wp-block-qi-blocks-column qodef-gutenberg-column qodef-block-dcc969a5\"><div class=\"qodef-gutenberg-column-inner\">\n<figure class=\"wp-block-image size-full\"><img loading=\"lazy\" decoding=\"async\" width=\"600\" height=\"400\" src=\"http:\/\/tozabljak.hola.rs\/wp-content\/uploads\/2023\/11\/page-4-1.jpeg\" alt=\"\" class=\"wp-image-5710\" srcset=\"https:\/\/tozabljak.hola.rs\/wp-content\/uploads\/2023\/11\/page-4-1.jpeg 600w, https:\/\/tozabljak.hola.rs\/wp-content\/uploads\/2023\/11\/page-4-1-300x200.jpeg 300w\" sizes=\"auto, (max-width: 600px) 100vw, 600px\" \/><\/figure>\n<\/div><\/div>\n<\/div><\/section>\n\n\n\n<p class=\"has-black-color has-text-color wp-block-paragraph\">Grad \u017dabljak nalazi se na sjeverozapadu Crne Gore, u srcu Durmitorskog podru\u010dja, na visini od 1450 metara nadmorske visine i predstavlja najviso\u010dije urbano naselje na Balkanu. Smje\u0161teno je u podno\u017eju Durmitora i okru\u017eeno sa 23 planinska vrha od preko 2200 metara, sa 18 planinskih jezera i kanjonom rijeke Tare, najdubljim u Evropi. Danas u \u017dabljaku i okolini \u017eivi preko 4500 stanovnika. <\/p>\n\n\n\n<div class=\"wp-block-qi-blocks-spacer qodef-block-container qodef-block-af35d151\"><div class=\"qi-block-spacer qodef-block qodef-m\"><\/div><\/div>\n\n\n\n<section class=\"wp-block-qi-blocks-columns qodef-gutenberg-section qodef--template qodef-block-6103df61 qodef-col-num--1 qodef-col-layout--100 qodef-content--boxed\"><div class=\"qodef-section-background-overlay\"><\/div><div class=\"qodef-gutenberg-row\">\n<div class=\"wp-block-qi-blocks-column qodef-gutenberg-column qodef-block-101f2d2f\"><div class=\"qodef-gutenberg-column-inner\">\n<p class=\"has-text-align-center has-white-color has-text-color has-background has-extra-large-font-size wp-block-paragraph\" style=\"background-color:#1d7fc1\"><strong>Prvi slovenski naziv ovoga mjesta bio je \u201cVarezina voda\u201d, vjerovarno zbog jakog izvora pitke vode, oko koga se i formiralo naselje.<\/strong><\/p>\n<\/div><\/div>\n<\/div><\/section>\n\n\n\n<div class=\"wp-block-qi-blocks-spacer qodef-block-container qodef-block-a699db0c\"><div class=\"qi-block-spacer qodef-block qodef-m\"><\/div><\/div>\n\n\n\n<section class=\"wp-block-qi-blocks-columns qodef-gutenberg-section qodef--template qodef-block-d0c3a426 qodef-col-num--3 qodef-col-layout--16-66-16 qodef-content--boxed\"><div class=\"qodef-section-background-overlay\"><\/div><div class=\"qodef-gutenberg-row\">\n<div class=\"wp-block-qi-blocks-column qodef-gutenberg-column qodef-block-84905914\"><div class=\"qodef-gutenberg-column-inner\"><\/div><\/div>\n\n\n\n<div class=\"wp-block-qi-blocks-column qodef-gutenberg-column qodef-block-eb8d47d7\"><div class=\"qodef-gutenberg-column-inner\">\n<p class=\"has-black-color has-text-color wp-block-paragraph\">Kasnije je dobio novi naziv Hanovi i u njemu su se odmarali trgova\u010dki karavani. Dana\u0161nji naziv \u017dabljak dobija zvani\u010dno 1870. god., kada je u istom danu zapo\u010deta izgradnja crkve, \u0161kole i kapetanskog doma. U ratnim danima i pusto\u0161enjima stare gra\u0111evine su nestale. Ostala je samo Crkva Sv. Preobra\u017eenja, podignuta u \u010dast pobjede nad Turcima, 1862. godine.<br><\/p>\n<\/div><\/div>\n\n\n\n<div class=\"wp-block-qi-blocks-column qodef-gutenberg-column qodef-block-1af38378\"><div class=\"qodef-gutenberg-column-inner\"><\/div><\/div>\n<\/div><\/section>\n\n\n\n<section class=\"wp-block-qi-blocks-columns qodef-gutenberg-section qodef--template qodef-block-25f1a0b7 qodef-col-num--3 qodef-col-layout--16-66-16 qodef-content--boxed\"><div class=\"qodef-section-background-overlay\"><\/div><div class=\"qodef-gutenberg-row\">\n<div class=\"wp-block-qi-blocks-column qodef-gutenberg-column qodef-block-6ed0d4d5\"><div class=\"qodef-gutenberg-column-inner\"><\/div><\/div>\n\n\n\n<div class=\"wp-block-qi-blocks-column qodef-gutenberg-column qodef-block-65af8730\"><div class=\"qodef-gutenberg-column-inner\">\n<p class=\"has-black-color has-text-color wp-block-paragraph\">U periodu prije Drugog svjetskog rata, \u017dabljak je predstavljao varo\u0161icu sa tipi\u010dno planinskom arhitekturom. Ve\u0107 u tom periodu, jedinstvena priroda po\u010dinje da privla\u010di veliki broj turista iz tada\u0161nje Kraljevine Jugoslavije, ali i iz inostranstva. <\/p>\n\n\n\n<div class=\"wp-block-qi-blocks-spacer qodef-block-container qodef-block-e1ee340c\"><div class=\"qi-block-spacer qodef-block qodef-m\"><\/div><\/div>\n\n\n\n<p class=\"has-black-color has-text-color wp-block-paragraph\">Posebno su, zbog svojih veza sa Crnom Gorom, bili brojni gosti iz Italije. Osim veli\u010danstvenog prirodnog ambijenta, bogatstvo ovoga podru\u010dja \u017eivotinjskim svijetom i pogodnostima, koje pru\u017ea za lov i ribolov, dovodi na \u017dabljak i dosta zaljubljenika u ovu vrstu sporta. <\/p>\n\n\n\n<div class=\"wp-block-qi-blocks-spacer qodef-block-container qodef-block-18037c45\"><div class=\"qi-block-spacer qodef-block qodef-m\"><\/div><\/div>\n\n\n\n<p class=\"has-black-color has-text-color wp-block-paragraph\">Tokom Drugog svjetskog rata, varo\u0161ica je bila spaljena. Spaljeni su svi domovi, ustanove i ni\u0161ta od ovog malog planinskog naselja nije ostalo. Od tada, pa sve do dana\u0161njih dana, \u017dabljak se gradio i izgra\u0111ivao i postao centar zimskog I ljetnjeg turizma. Jedinstvena i raznolika prirodna bogatstva, na ovako malom prostoru, preporu\u010dili su \u017dabljak za ekolo\u0161ku prijestonicu prve ekolo\u0161ke dr\u017eave na Svijetu.<\/p>\n<\/div><\/div>\n\n\n\n<div class=\"wp-block-qi-blocks-column qodef-gutenberg-column qodef-block-7eedc81f\"><div class=\"qodef-gutenberg-column-inner\"><\/div><\/div>\n<\/div><\/section>\n\n\n\n<div class=\"wp-block-qi-blocks-spacer qodef-block-container qodef-block-ec6249de\"><div class=\"qi-block-spacer qodef-block qodef-m\"><\/div><\/div>\n\n\n\n<section class=\"wp-block-qi-blocks-columns qodef-gutenberg-section qodef--template qodef-block-47a814a7 qodef-col-num--1 qodef-col-layout--100 qodef-content--boxed\"><div class=\"qodef-section-background-overlay\"><\/div><div class=\"qodef-gutenberg-row\">\n<div class=\"wp-block-qi-blocks-column qodef-gutenberg-column qodef-block-7414f496\"><div class=\"qodef-gutenberg-column-inner\">\n<p class=\"has-text-align-center has-white-color has-text-color has-background has-extra-large-font-size wp-block-paragraph\" style=\"background-color:#1d7fc1\"><strong><strong>Poslanici Skup\u0161tine Crne Gore, na vanrednoj sjednici, od\u017eanoj pod vedrim nebom, donijeli su odluku o progla\u0161enju Crne Gore za prvu ekolo\u0161ku dr\u017eavu i jednoglasno izabrali \u017dabljak za njenu prijestonicu.<\/strong><\/strong><\/p>\n<\/div><\/div>\n<\/div><\/section>\n\n\n\n<div class=\"wp-block-qi-blocks-spacer qodef-block-container qodef-block-8001e7fd\"><div class=\"qi-block-spacer qodef-block qodef-m\"><\/div><\/div>\n\n\n\n<section class=\"wp-block-qi-blocks-columns qodef-gutenberg-section qodef--template qodef-block-f5759546 qodef-col-num--3 qodef-col-layout--16-66-16 qodef-content--boxed\"><div class=\"qodef-section-background-overlay\"><\/div><div class=\"qodef-gutenberg-row\">\n<div class=\"wp-block-qi-blocks-column qodef-gutenberg-column qodef-block-17e8257e\"><div class=\"qodef-gutenberg-column-inner\"><\/div><\/div>\n\n\n\n<div class=\"wp-block-qi-blocks-column qodef-gutenberg-column qodef-block-9ec9a9ac\"><div class=\"qodef-gutenberg-column-inner\">\n<p class=\"has-black-color has-text-color wp-block-paragraph\">U okolini \u017dabljaka, nalazi se veliki broj sela i njihova starost je veoma razli\u010dita. Neka od durmitorskih sela postoje vjekovima, dok su neka kasnije formirana. Naseljenici, koji su formirali ova naselja uvijek su birali pogodnija i zaklonitija stani\u0161ta, daju\u0107i, pri tome, prednost prisojnim stranama i zelenim livadama. <\/p>\n\n\n\n<div class=\"wp-block-qi-blocks-spacer qodef-block-container qodef-block-adfbe82e\"><div class=\"qi-block-spacer qodef-block qodef-m\"><\/div><\/div>\n\n\n\n<p class=\"has-black-color has-text-color wp-block-paragraph\">Jedan broj ovih sela, formirao se na mjestima gdje su prvobitno bili katuni. \u0160to se ti\u010de samog stila gradnje, u tom pogledu ima zna\u010dajnih razlika. Najveci broj sela je tzv. \u201crazbijenog\u201d tipa i ku\u0107e mogu biti dosta udaljene jedna od druge. Ima i sela gdje su ku\u0107e manje vi\u0161e blizu jedan drugoj, ali uop\u0161te uzeto, sela i ku\u0107e su gradjene, bez nekog odre\u0111enog reda i poretka. <\/p>\n\n\n\n<div class=\"wp-block-qi-blocks-spacer qodef-block-container qodef-block-5c6fcfbb\"><div class=\"qi-block-spacer qodef-block qodef-m\"><\/div><\/div>\n\n\n\n<p class=\"wp-block-paragraph\"><\/p>\n\n\n\n<p class=\"has-black-color has-text-color wp-block-paragraph\">U durmitorskim selima, dosta je \u010dest slu\u010daj da sela dijele na gornje i donje, pa se ona tako i zovu. Donje selo je, po pravilu, starije selo dok je gornje nastalo vremenom, mo\u017eda iz katuna ili sezonskih naselja stanovnika iz donjeg sela.<\/p>\n\n\n\n<div class=\"wp-block-qi-blocks-spacer qodef-block-container qodef-block-4cf03ffe\"><div class=\"qi-block-spacer qodef-block qodef-m\"><\/div><\/div>\n<\/div><\/div>\n\n\n\n<div class=\"wp-block-qi-blocks-column qodef-gutenberg-column qodef-block-2004caa3\"><div class=\"qodef-gutenberg-column-inner\"><\/div><\/div>\n<\/div><\/section>\n\n\n\n<section class=\"wp-block-qi-blocks-columns qodef-gutenberg-section qodef--template qodef-block-21d9894e qodef-col-num--3 qodef-col-layout--16-66-16 qodef-content--boxed\"><div class=\"qodef-section-background-overlay\"><\/div><div class=\"qodef-gutenberg-row\">\n<div class=\"wp-block-qi-blocks-column qodef-gutenberg-column qodef-block-ba254489\"><div class=\"qodef-gutenberg-column-inner\"><\/div><\/div>\n\n\n\n<div class=\"wp-block-qi-blocks-column qodef-gutenberg-column qodef-block-a3ced8a5\"><div class=\"qodef-gutenberg-column-inner\">\n<p class=\"has-black-color has-text-color wp-block-paragraph\">Klima ima odlike, od \u017eupske u kanjonima rijeka, preko subplaninske na visinama do 1200 metara, do tipi\u010dne alpske. Zime su duge i hladne, ljeta relativno kratka i svje\u017ea, a zanimljivo je da su jeseni toplije od prolje\u0107a.<\/p>\n<\/div><\/div>\n\n\n\n<div class=\"wp-block-qi-blocks-column qodef-gutenberg-column qodef-block-bdd072b8\"><div class=\"qodef-gutenberg-column-inner\"><\/div><\/div>\n<\/div><\/section>\n\n\n\n<div class=\"wp-block-qi-blocks-spacer qodef-block-container qodef-block-af31b0ad\"><div class=\"qi-block-spacer qodef-block qodef-m\"><\/div><\/div>\n\n\n\n<section class=\"wp-block-qi-blocks-columns qodef-gutenberg-section qodef--template qodef-block-7f277798 qodef-col-num--3 qodef-col-layout--16-66-16 qodef-content--boxed\"><div class=\"qodef-section-background-overlay\"><\/div><div class=\"qodef-gutenberg-row\">\n<div class=\"wp-block-qi-blocks-column qodef-gutenberg-column qodef-block-8bbb6c44\"><div class=\"qodef-gutenberg-column-inner\"><\/div><\/div>\n\n\n\n<div class=\"wp-block-qi-blocks-column qodef-gutenberg-column qodef-block-cdad5e9e\"><div class=\"qodef-gutenberg-column-inner\">\n<p class=\"has-black-color has-text-color wp-block-paragraph\">Najve\u0107i dio durmitorskog podru\u010dja ima prosje\u010dnu godi\u0161nju temeperaturu od 2 do 8 stepeni Celzijusa. Godi\u0161nje je 120 dana pod snijegom, a skija\u0161ki tereni, koji su na ve\u0107oj nadmorskoj visini, imaju snije\u017eni pokriva\u010d pogodan za skijanje 150 dana u godini.<\/p>\n<\/div><\/div>\n\n\n\n<div class=\"wp-block-qi-blocks-column qodef-gutenberg-column qodef-block-264f0ab6\"><div class=\"qodef-gutenberg-column-inner\"><\/div><\/div>\n<\/div><\/section>\n\n\n\n<div class=\"wp-block-qi-blocks-spacer qodef-block-container qodef-block-07186474\"><div class=\"qi-block-spacer qodef-block qodef-m\"><\/div><\/div>\n\n\n\n<section class=\"wp-block-qi-blocks-columns qodef-gutenberg-section qodef--template qodef-block-1f7d8a97 qodef-col-num--1 qodef-col-layout--100 qodef-content--full-width\"><div class=\"qodef-section-background-overlay\"><\/div><div class=\"qodef-gutenberg-row\">\n<div class=\"wp-block-qi-blocks-column qodef-gutenberg-column qodef-block-6d15bd7b\"><div class=\"qodef-gutenberg-column-inner\">\n<figure class=\"wp-block-image size-full\"><img loading=\"lazy\" decoding=\"async\" width=\"1920\" height=\"700\" src=\"https:\/\/tozabljak.hola.rs\/wp-content\/uploads\/2023\/11\/TISINA-GOVORI.jpeg\" alt=\"\" class=\"wp-image-7326\" srcset=\"https:\/\/tozabljak.hola.rs\/wp-content\/uploads\/2023\/11\/TISINA-GOVORI.jpeg 1920w, https:\/\/tozabljak.hola.rs\/wp-content\/uploads\/2023\/11\/TISINA-GOVORI-300x109.jpeg 300w, https:\/\/tozabljak.hola.rs\/wp-content\/uploads\/2023\/11\/TISINA-GOVORI-1024x373.jpeg 1024w, https:\/\/tozabljak.hola.rs\/wp-content\/uploads\/2023\/11\/TISINA-GOVORI-768x280.jpeg 768w, https:\/\/tozabljak.hola.rs\/wp-content\/uploads\/2023\/11\/TISINA-GOVORI-1536x560.jpeg 1536w, https:\/\/tozabljak.hola.rs\/wp-content\/uploads\/2023\/11\/TISINA-GOVORI-1568x572.jpeg 1568w\" sizes=\"auto, (max-width: 1920px) 100vw, 1920px\" \/><\/figure>\n<\/div><\/div>\n<\/div><\/section>\n\n\n\n<section class=\"wp-block-qi-blocks-columns qodef-gutenberg-section qodef--template qodef-block-945835ce qodef-col-num--3 qodef-col-layout--16-66-16 qodef-content--boxed\"><div class=\"qodef-section-background-overlay\"><\/div><div class=\"qodef-gutenberg-row\">\n<div class=\"wp-block-qi-blocks-column qodef-gutenberg-column qodef-block-6dfe4682\"><div class=\"qodef-gutenberg-column-inner\"><\/div><\/div>\n\n\n\n<div class=\"wp-block-qi-blocks-column qodef-gutenberg-column qodef-block-21671241\"><div class=\"qodef-gutenberg-column-inner\">\n<p class=\"has-text-align-center has-black-color has-text-color has-large-font-size wp-block-paragraph\"><strong>Nacionalni park ,,Durmitor,,<\/strong><\/p>\n\n\n\n<div class=\"wp-block-qi-blocks-spacer qodef-block-container qodef-block-cdaffdbe\"><div class=\"qi-block-spacer qodef-block qodef-m\"><\/div><\/div>\n<\/div><\/div>\n\n\n\n<div class=\"wp-block-qi-blocks-column qodef-gutenberg-column qodef-block-e9f2eabc\"><div class=\"qodef-gutenberg-column-inner\"><\/div><\/div>\n<\/div><\/section>\n\n\n\n<section class=\"wp-block-qi-blocks-columns qodef-gutenberg-section qodef--template qodef-block-d75b3324 qodef-col-num--3 qodef-col-layout--16-66-16 qodef-content--boxed\"><div class=\"qodef-section-background-overlay\"><\/div><div class=\"qodef-gutenberg-row\">\n<div class=\"wp-block-qi-blocks-column qodef-gutenberg-column qodef-block-c91def04\"><div class=\"qodef-gutenberg-column-inner\"><\/div><\/div>\n\n\n\n<div class=\"wp-block-qi-blocks-column qodef-gutenberg-column qodef-block-675c6ca4\"><div class=\"qodef-gutenberg-column-inner\">\n<p class=\"has-black-color has-text-color wp-block-paragraph\">Najve\u0107i Nacionalni park u Crnoj Gori, koji se od 1980.godine nalazi na UNESCO-voj Listi svjetske prirodne i kulturne ba\u0161tine.<\/p>\n<\/div><\/div>\n\n\n\n<div class=\"wp-block-qi-blocks-column qodef-gutenberg-column qodef-block-43874c7c\"><div class=\"qodef-gutenberg-column-inner\"><\/div><\/div>\n<\/div><\/section>\n\n\n\n<section class=\"wp-block-qi-blocks-columns qodef-gutenberg-section qodef--template qodef-block-6175a400 qodef-col-num--3 qodef-col-layout--16-66-16 qodef-content--boxed\"><div class=\"qodef-section-background-overlay\"><\/div><div class=\"qodef-gutenberg-row\">\n<div class=\"wp-block-qi-blocks-column qodef-gutenberg-column qodef-block-07f6a26b\"><div class=\"qodef-gutenberg-column-inner\"><\/div><\/div>\n\n\n\n<div class=\"wp-block-qi-blocks-column qodef-gutenberg-column qodef-block-b66089be\"><div class=\"qodef-gutenberg-column-inner\">\n<p class=\"has-text-align-center has-black-color has-text-color wp-block-paragraph\">Obuhvata masiv planine Durmitor, kanjone rijeka: Tare, Drage, Su\u0161ice i najvi\u0161i dio kanjonske doline Komarnice, sa kojih se uzdi\u017eu brojni planinski vrhovi, od kojih je njih 48 sa preko 2.000 mnv. Najve\u0107i vrh je Bobotov kuk 2.525 mnv.<\/p>\n<\/div><\/div>\n\n\n\n<div class=\"wp-block-qi-blocks-column qodef-gutenberg-column qodef-block-b91f27ec\"><div class=\"qodef-gutenberg-column-inner\"><\/div><\/div>\n<\/div><\/section>\n\n\n\n<section class=\"wp-block-qi-blocks-columns qodef-gutenberg-section qodef--template qodef-block-09f90562 qodef-col-num--3 qodef-col-layout--16-66-16 qodef-content--boxed qodef-entrance-animation--on qodef-animation-speed--normal\" data-animation=\"fadeInLeft\"><div class=\"qodef-section-background-overlay\"><\/div><div class=\"qodef-gutenberg-row\">\n<div class=\"wp-block-qi-blocks-column qodef-gutenberg-column qodef-block-5d79b210\"><div class=\"qodef-gutenberg-column-inner\"><\/div><\/div>\n\n\n\n<div class=\"wp-block-qi-blocks-column qodef-gutenberg-column qodef-block-e10cc9d6\"><div class=\"qodef-gutenberg-column-inner\">\n<p class=\"has-text-align-center has-text-color has-background has-extra-large-font-size wp-block-paragraph\" style=\"color:#616161;background-color:#f5f5f5;text-transform:uppercase\">Durmitor krase 18 ledni\u010dkih jezera nazvanih \u201egorske o\u010di\u201c<\/p>\n<\/div><\/div>\n\n\n\n<div class=\"wp-block-qi-blocks-column qodef-gutenberg-column qodef-block-6d1c9b52\"><div class=\"qodef-gutenberg-column-inner\"><\/div><\/div>\n<\/div><\/section>\n\n\n\n<section class=\"wp-block-qi-blocks-columns qodef-gutenberg-section qodef--template qodef-block-52590b8a qodef-col-num--3 qodef-col-layout--16-66-16 qodef-content--boxed\"><div class=\"qodef-section-background-overlay\"><\/div><div class=\"qodef-gutenberg-row\">\n<div class=\"wp-block-qi-blocks-column qodef-gutenberg-column qodef-block-f6aaa127\"><div class=\"qodef-gutenberg-column-inner\"><\/div><\/div>\n\n\n\n<div class=\"wp-block-qi-blocks-column qodef-gutenberg-column qodef-block-49b2be54\"><div class=\"qodef-gutenberg-column-inner\">\n<p class=\"wp-block-paragraph\"><mark style=\"background-color:rgba(0, 0, 0, 0)\" class=\"has-inline-color has-black-color\">Kanjon rijeke Tare, \u010dija je visina 1.600m iznad nivoa rijeke, najve\u0107i je u Evropi i obuhvata 1.500 vrsta biljaka i 130 vrsta ptica.<\/mark><\/p>\n\n\n\n<p class=\"wp-block-paragraph\"><\/p>\n\n\n\n<div class=\"wp-block-qi-blocks-spacer qodef-block-container qodef-block-1c08380b\"><div class=\"qi-block-spacer qodef-block qodef-m\"><\/div><\/div>\n\n\n\n<p class=\"wp-block-paragraph\"><mark style=\"background-color:rgba(0, 0, 0, 0)\" class=\"has-inline-color has-black-color\"><br>Kanjon je progla\u0161en za Svjetski ekolo\u0161ki rezervat. Na Durmitoru je zastupljena raznovrsnost biljnog i \u017eivotinjskog svijeta, sa brojnim endemi\u010dnim i reliktnim vrstama. \u017divotinjski svijet je uglavnom planinskog i visoskoplaninskog tipa. <\/mark><\/p>\n\n\n\n<div class=\"wp-block-qi-blocks-spacer qodef-block-container qodef-block-b4693d12\"><div class=\"qi-block-spacer qodef-block qodef-m\"><\/div><\/div>\n\n\n\n<p class=\"wp-block-paragraph\"><mark style=\"background-color:rgba(0, 0, 0, 0)\" class=\"has-inline-color has-black-color\">Od oko 1.325 vrsta biljaka, 122 su endemi\u010dne, 150 ljekovite, dok je od gljiva njih 40 vrsta jestivih. Brojni su i lokaliteti kulturne ba\u0161tine: nekropole, gr\u010dka i rimska groblja, crkve i manastiri, ste\u0107ci, kao i tradicionalna arhitektura (katuni, savardaci,vodenice).<\/mark><\/p>\n<\/div><\/div>\n\n\n\n<div class=\"wp-block-qi-blocks-column qodef-gutenberg-column qodef-block-ce1f2521\"><div class=\"qodef-gutenberg-column-inner\"><\/div><\/div>\n<\/div><\/section>\n\n\n\n<div class=\"wp-block-qi-blocks-spacer qodef-block-container qodef-block-c95e5ce8\"><div class=\"qi-block-spacer qodef-block qodef-m\"><\/div><\/div>\n\n\n\n<section class=\"wp-block-qi-blocks-columns qodef-gutenberg-section qodef--template qodef-block-54676ab4 qodef-col-num--1 qodef-col-layout--100 qodef-content--boxed qodef-entrance-animation--on qodef-animation-speed--normal\" data-animation=\"fadeInRight\"><div class=\"qodef-section-background-overlay\"><\/div><div class=\"qodef-gutenberg-row\">\n<div class=\"wp-block-qi-blocks-column qodef-gutenberg-column qodef-block-e9700ef4\"><div class=\"qodef-gutenberg-column-inner\">\n<figure class=\"wp-block-image size-full\"><img loading=\"lazy\" decoding=\"async\" width=\"1920\" height=\"700\" src=\"https:\/\/tozabljak.hola.rs\/wp-content\/uploads\/2023\/11\/DURMITOR-NASLOVNA.jpeg\" alt=\"\" class=\"wp-image-5747\" srcset=\"https:\/\/tozabljak.hola.rs\/wp-content\/uploads\/2023\/11\/DURMITOR-NASLOVNA.jpeg 1920w, https:\/\/tozabljak.hola.rs\/wp-content\/uploads\/2023\/11\/DURMITOR-NASLOVNA-300x109.jpeg 300w, https:\/\/tozabljak.hola.rs\/wp-content\/uploads\/2023\/11\/DURMITOR-NASLOVNA-1024x373.jpeg 1024w, https:\/\/tozabljak.hola.rs\/wp-content\/uploads\/2023\/11\/DURMITOR-NASLOVNA-768x280.jpeg 768w, https:\/\/tozabljak.hola.rs\/wp-content\/uploads\/2023\/11\/DURMITOR-NASLOVNA-1536x560.jpeg 1536w, https:\/\/tozabljak.hola.rs\/wp-content\/uploads\/2023\/11\/DURMITOR-NASLOVNA-1568x572.jpeg 1568w\" sizes=\"auto, (max-width: 1920px) 100vw, 1920px\" \/><\/figure>\n<\/div><\/div>\n<\/div><\/section>\n\n\n\n<section class=\"wp-block-qi-blocks-columns qodef-gutenberg-section qodef--template qodef-block-4a070126 qodef-col-num--3 qodef-col-layout--16-66-16 qodef-content--boxed\"><div class=\"qodef-section-background-overlay\"><\/div><div class=\"qodef-gutenberg-row\">\n<div class=\"wp-block-qi-blocks-column qodef-gutenberg-column qodef-block-27cbedaf\"><div class=\"qodef-gutenberg-column-inner\"><\/div><\/div>\n\n\n\n<div class=\"wp-block-qi-blocks-column qodef-gutenberg-column qodef-block-7104e586\"><div class=\"qodef-gutenberg-column-inner\">\n<p class=\"has-text-align-center has-black-color has-text-color wp-block-paragraph\"><br><strong>Zbog izuzetnog bogatstva florom, Durmitor je stavljen na listu zna\u010dajnih botani\u010dkih podru\u010dja IPA (Important Plant Areas), a zbog raznovrsnosti i brojnosti ptica, nalazi se na IBA (Important Bird Areas) listi<\/strong>.<br>Sedam zona Parka spada u specijalne za\u0161ti\u0107ene zone (ICUM):<\/p>\n<\/div><\/div>\n\n\n\n<div class=\"wp-block-qi-blocks-column qodef-gutenberg-column qodef-block-3246a54d\"><div class=\"qodef-gutenberg-column-inner\"><\/div><\/div>\n<\/div><\/section>\n\n\n\n<section class=\"wp-block-qi-blocks-columns qodef-gutenberg-section qodef--template qodef-block-d1365543 qodef-col-num--3 qodef-col-layout--16-66-16 qodef-content--boxed\"><div class=\"qodef-section-background-overlay\"><\/div><div class=\"qodef-gutenberg-row\">\n<div class=\"wp-block-qi-blocks-column qodef-gutenberg-column qodef-block-0225a6f2\"><div class=\"qodef-gutenberg-column-inner\"><\/div><\/div>\n\n\n\n<div class=\"wp-block-qi-blocks-column qodef-gutenberg-column qodef-block-d02d63f4\"><div class=\"qodef-gutenberg-column-inner\">\n<p class=\"has-black-color has-text-color wp-block-paragraph\">\u2022 Rezervat \u0161ume smr\u010de i jele<br>\u2022 Crna poda<br>\u2022 Sliv \u0160kr\u010dkih jezera sa u\u017eom kanjonskom obalom<br>\u2022 Su\u0161ice Barno jezero sa naju\u017eom okolinom<br>\u2022 Zabojsko jezero sa naju\u017eom okolinom<br>\u2022 Mlinski potok<br>\u2022 Kanjon Tare<\/p>\n<\/div><\/div>\n\n\n\n<div class=\"wp-block-qi-blocks-column qodef-gutenberg-column qodef-block-97208ae5\"><div class=\"qodef-gutenberg-column-inner\"><\/div><\/div>\n<\/div><\/section>\n\n\n\n<section class=\"wp-block-qi-blocks-columns qodef-gutenberg-section qodef--template qodef-block-325deead qodef-col-num--3 qodef-col-layout--16-66-16 qodef-content--boxed\"><div class=\"qodef-section-background-overlay\"><\/div><div class=\"qodef-gutenberg-row\">\n<div class=\"wp-block-qi-blocks-column qodef-gutenberg-column qodef-block-a7c2fb8b\"><div class=\"qodef-gutenberg-column-inner\"><\/div><\/div>\n\n\n\n<div class=\"wp-block-qi-blocks-column qodef-gutenberg-column qodef-block-bef0a1b0\"><div class=\"qodef-gutenberg-column-inner\">\n<p class=\"wp-block-paragraph\"><strong><mark style=\"background-color:rgba(0, 0, 0, 0)\" class=\"has-inline-color has-black-color\">\u0160ta vidjeti u Nacionalnom parku Durmitor?<\/mark><\/strong><\/p>\n\n\n\n<p class=\"wp-block-paragraph\"><mark style=\"background-color:rgba(0, 0, 0, 0)\" class=\"has-inline-color has-black-color\">Nacionalni park Durmitor mo\u017ee da se pohvali impozantnim prirodnim ljepotama koje ga krase i koje se rijetko sre\u0107u na jednom mjestu u \u010ditavom svijetu. Ono \u0161to nikako ne smijete da propustite su:<\/mark><\/p>\n\n\n\n<p class=\"wp-block-paragraph\"><mark style=\"background-color:rgba(0, 0, 0, 0)\" class=\"has-inline-color has-black-color\"><strong>Crno jezero<\/strong> &#8211; Crno jezero se nalazi u blizini centra \u017dabljaka i predstavlja najpopularnije jezero u Crnoj Gori. Nevjerovatno je to \u0161to se nalazi na 1.418 metara nadmorske visine. Dio je Nacionalnog parka Durmitor, a sastoji se od Velikog i Malog jezera. Crno jezero je jedna od najatraktivnijih destinacija i tokom ljeta, kada se u njemu kupa i peca, ali i tokom zime kada se povr\u0161ina jezera u potpunosti pretvori u led.<\/mark><\/p>\n\n\n\n<p class=\"wp-block-paragraph\"><mark style=\"background-color:rgba(0, 0, 0, 0)\" class=\"has-inline-color has-black-color\"><strong>Kanjon rijeke Tare <\/strong>&#8211; Rijeka Tara je najdu\u017ea rijeka na cijeloj teritoriji Crne Gore, \u010diji je tok du\u017eine 144 km. Nastaje od rijeka Opasnice i Veru\u0161e i pod za\u0161titom je UNESCO-a. Tara je stvorila jedan od najlep\u0161ih kanjona u svijetu koji je dug 78 km, a njegove strme ivice nalaze se na visini od preko 1.300 metara. Sve ovo zajedno, uticalo je na to da kanjon rijeke Tare postane drugi kanjon po dubini u svijetu. Pored kanjona rijeke, dodatna atrakcija je graditeljsko remek djelo most na \u0110ur\u0111evi\u0107a Tari.<\/mark><\/p>\n<\/div><\/div>\n\n\n\n<div class=\"wp-block-qi-blocks-column qodef-gutenberg-column qodef-block-f424a541\"><div class=\"qodef-gutenberg-column-inner\"><\/div><\/div>\n<\/div><\/section>\n\n\n\n<div class=\"wp-block-qi-blocks-spacer qodef-block-container qodef-block-f2ca0108\"><div class=\"qi-block-spacer qodef-block qodef-m\"><\/div><\/div>\n\n\n\n<section class=\"wp-block-qi-blocks-columns qodef-gutenberg-section qodef--template qodef-block-3a99cc0c qodef-col-num--3 qodef-col-layout--16-66-16 qodef-content--boxed\"><div class=\"qodef-section-background-overlay\"><\/div><div class=\"qodef-gutenberg-row\">\n<div class=\"wp-block-qi-blocks-column qodef-gutenberg-column qodef-block-04fa1fb0\"><div class=\"qodef-gutenberg-column-inner\"><\/div><\/div>\n\n\n\n<div class=\"wp-block-qi-blocks-column qodef-gutenberg-column qodef-block-571044e7\"><div class=\"qodef-gutenberg-column-inner\">\n<figure class=\"wp-block-image size-full\"><img loading=\"lazy\" decoding=\"async\" width=\"800\" height=\"600\" src=\"http:\/\/tozabljak.hola.rs\/wp-content\/uploads\/2023\/11\/1-15.jpg\" alt=\"\" class=\"wp-image-7247\" srcset=\"https:\/\/tozabljak.hola.rs\/wp-content\/uploads\/2023\/11\/1-15.jpg 800w, https:\/\/tozabljak.hola.rs\/wp-content\/uploads\/2023\/11\/1-15-300x225.jpg 300w, https:\/\/tozabljak.hola.rs\/wp-content\/uploads\/2023\/11\/1-15-768x576.jpg 768w\" sizes=\"auto, (max-width: 800px) 100vw, 800px\" \/><\/figure>\n<\/div><\/div>\n\n\n\n<div class=\"wp-block-qi-blocks-column qodef-gutenberg-column qodef-block-3bca83ae\"><div class=\"qodef-gutenberg-column-inner\"><\/div><\/div>\n<\/div><\/section>\n","protected":false},"excerpt":{"rendered":"<p>Grad \u017dabljak nalazi se na sjeverozapadu Crne Gore, u srcu Durmitorskog podru\u010dja, na visini od 1450 metara nadmorske visine i predstavlja najviso\u010dije urbano naselje na Balkanu. Smje\u0161teno je u podno\u017eju Durmitora i okru\u017eeno sa 23 planinska vrha od preko 2200 metara, sa 18 planinskih jezera i kanjonom rijeke Tare, najdubljim u Evropi. Danas u \u017dabljaku&hellip; <a class=\"more-link\" href=\"https:\/\/tozabljak.hola.rs\/?page_id=1584\">\u041d\u0430\u0441\u0442\u0430\u0432\u0438 \u0441\u0430 \u0447\u0438\u0442\u0430\u045a\u0435\u043c <span class=\"screen-reader-text\">O \u017dabljaku i Durmitoru uvod<\/span><\/a><\/p>\n","protected":false},"author":1,"featured_media":0,"parent":0,"menu_order":0,"comment_status":"closed","ping_status":"closed","template":"","meta":{"footnotes":""},"class_list":["post-1584","page","type-page","status-publish","hentry","entry"],"_links":{"self":[{"href":"https:\/\/tozabljak.hola.rs\/index.php?rest_route=\/wp\/v2\/pages\/1584","targetHints":{"allow":["GET"]}}],"collection":[{"href":"https:\/\/tozabljak.hola.rs\/index.php?rest_route=\/wp\/v2\/pages"}],"about":[{"href":"https:\/\/tozabljak.hola.rs\/index.php?rest_route=\/wp\/v2\/types\/page"}],"author":[{"embeddable":true,"href":"https:\/\/tozabljak.hola.rs\/index.php?rest_route=\/wp\/v2\/users\/1"}],"replies":[{"embeddable":true,"href":"https:\/\/tozabljak.hola.rs\/index.php?rest_route=%2Fwp%2Fv2%2Fcomments&post=1584"}],"version-history":[{"count":128,"href":"https:\/\/tozabljak.hola.rs\/index.php?rest_route=\/wp\/v2\/pages\/1584\/revisions"}],"predecessor-version":[{"id":7643,"href":"https:\/\/tozabljak.hola.rs\/index.php?rest_route=\/wp\/v2\/pages\/1584\/revisions\/7643"}],"wp:attachment":[{"href":"https:\/\/tozabljak.hola.rs\/index.php?rest_route=%2Fwp%2Fv2%2Fmedia&parent=1584"}],"curies":[{"name":"wp","href":"https:\/\/api.w.org\/{rel}","templated":true}]}}